{"id":2252,"date":"2025-11-02T14:25:53","date_gmt":"2025-11-02T13:25:53","guid":{"rendered":"https:\/\/www.arrueiro.com\/?post_type=tribe_events&#038;p=2252"},"modified":"2025-11-02T14:41:02","modified_gmt":"2025-11-02T13:41:02","slug":"experiencia-micologica","status":"publish","type":"tribe_events","link":"https:\/\/arrueiro.com\/en\/evento\/experiencia-micologica\/","title":{"rendered":"EXPERIENCIA MICOL\u00d3GICA"},"content":{"rendered":"<h4><img fetchpriority=\"high\" decoding=\"async\" class=\"alignnone size-medium wp-image-2253\" src=\"https:\/\/arrueiro.com\/wp-content\/uploads\/45_-POST_-Experiencias-4-240x300.png\" alt=\"\" width=\"240\" height=\"300\" srcset=\"https:\/\/arrueiro.com\/wp-content\/uploads\/45_-POST_-Experiencias-4-240x300.png 240w, https:\/\/arrueiro.com\/wp-content\/uploads\/45_-POST_-Experiencias-4-819x1024.png 819w, https:\/\/arrueiro.com\/wp-content\/uploads\/45_-POST_-Experiencias-4-768x960.png 768w, https:\/\/arrueiro.com\/wp-content\/uploads\/45_-POST_-Experiencias-4.png 1080w\" sizes=\"(max-width: 240px) 100vw, 240px\" \/> <img decoding=\"async\" class=\"alignnone size-medium wp-image-2254\" src=\"https:\/\/arrueiro.com\/wp-content\/uploads\/IMG_20241116_101110-225x300.jpg\" alt=\"\" width=\"225\" height=\"300\" srcset=\"https:\/\/arrueiro.com\/wp-content\/uploads\/IMG_20241116_101110-225x300.jpg 225w, https:\/\/arrueiro.com\/wp-content\/uploads\/IMG_20241116_101110-768x1024.jpg 768w, https:\/\/arrueiro.com\/wp-content\/uploads\/IMG_20241116_101110-1152x1536.jpg 1152w, https:\/\/arrueiro.com\/wp-content\/uploads\/IMG_20241116_101110-1536x2048.jpg 1536w, https:\/\/arrueiro.com\/wp-content\/uploads\/IMG_20241116_101110-scaled.jpg 1920w\" sizes=\"(max-width: 225px) 100vw, 225px\" \/> <img decoding=\"async\" class=\"alignnone size-medium wp-image-2256\" src=\"https:\/\/arrueiro.com\/wp-content\/uploads\/IMG_20241116_113045-225x300.jpg\" alt=\"\" width=\"225\" height=\"300\" srcset=\"https:\/\/arrueiro.com\/wp-content\/uploads\/IMG_20241116_113045-225x300.jpg 225w, https:\/\/arrueiro.com\/wp-content\/uploads\/IMG_20241116_113045-768x1024.jpg 768w, https:\/\/arrueiro.com\/wp-content\/uploads\/IMG_20241116_113045-1152x1536.jpg 1152w, https:\/\/arrueiro.com\/wp-content\/uploads\/IMG_20241116_113045-1536x2048.jpg 1536w, https:\/\/arrueiro.com\/wp-content\/uploads\/IMG_20241116_113045-scaled.jpg 1920w\" sizes=\"(max-width: 225px) 100vw, 225px\" \/><\/h4>\n<h4><\/h4>\n<h4 style=\"text-align: center;\"><em><strong>Un fin de semana entre bosque,<\/strong><strong> aprendizaje\u00a0<\/strong><\/em><em><strong>y sabores de oto\u00f1o.<\/strong><\/em><\/h4>\n<p>&nbsp;<\/p>\n<h2><strong>\u00bfDe qu\u00e9 va?<\/strong><\/h2>\n<p>Ser\u00e1 una experiencia micol\u00f3gica <strong>repartida en 2 d\u00edas<\/strong>\u00a0\u2014el s\u00e1bado 15 y domingo 16 de noviembre\u2014. De esta manera, podremos vivirla con m\u00e1s\u00a0calma, asimilar lo aprendido y descansar entre ambas jornadas para no saturarnos con tanta informaci\u00f3n.<\/p>\n<h3><\/h3>\n<h3><strong>Primera parte\u00a0| Jornada did\u00e1ctica\u00a0<\/strong><\/h3>\n<p><em><strong>&#8211; S\u00e1bado 15, a las 15:00h<\/strong><\/em><\/p>\n<p>Guiadxs por\u00a0<u>Juan Carlos Laboura<\/u>\u00a0(ingeniero agr\u00f3nomo especializado en fitotecnia y apasionado divulgador micol\u00f3gico)\u00a0<strong>nos adentraremos en los bosques\u00a0del entorno<\/strong>\u00a0de Arrueiro para conocer su riqueza y diversidad y tratar de\u00a0identificar distintas especies de setas que crecen en la zona.<\/p>\n<p>De vuelta en casa, haremos la\u00a0<strong>clasificaci\u00f3n de las setas encontradas<\/strong>, compartiendo dudas, curiosidades\u00a0y ampliando conocimientos en un ambiente relajado y cercano.<\/p>\n<p>&nbsp;<\/p>\n<h3><strong>Segunda parte\u00a0| Cena maridaje\u00a0<\/strong><\/h3>\n<p><strong><em>&#8211; S\u00e1bado 15, <\/em><\/strong><em><strong>a las 21:00h aprox.<\/strong><\/em><\/p>\n<p>Por la noche,\u00a0<strong>V\u00edctor<\/strong>\u00a0\u2014premiado Cocinero Gallego 2025\u2014\u00a0nos sorprender\u00e1 con un\u00a0<strong>men\u00fa degustaci\u00f3n de temporada<\/strong>, en el que las setas del entorno ser\u00e1n las protagonistas.<\/p>\n<p>Una oportunidad para disfrutar de los sabores del oto\u00f1o con una selecci\u00f3n de vinos elegidos especialmente para esta ocasi\u00f3n.<\/p>\n<p>&nbsp;<\/p>\n<h3><strong>Tercera parte | Salida libre<\/strong><\/h3>\n<p><em><strong>&#8211; Domingo<\/strong><\/em><strong><em>\u00a016, a las 10:00h<\/em><\/strong><\/p>\n<p>Tras un buen descanso y despu\u00e9s de un delicioso desayuno casero (para quienes se alojen en la casa),\u00a0<strong>haremos una segunda salida, esta vez m\u00e1s libre,\u00a0<\/strong>\u00a0para seguir explorando a tu ritmo, poner en pr\u00e1ctica lo aprendido y disfrutar del entorno con calma.<\/p>\n<p>Juan Carlos nos acompa\u00f1ar\u00e1 tambi\u00e9n en esta salida para resolver dudas y ayudarnos a identificar especies que puedan aparecer.<\/p>\n<p>&nbsp;<\/p>\n<h2 style=\"text-align: left;\"><strong>2 maneras de disfrutarla:<\/strong><\/h2>\n<p><strong>1.\u00a0<u>Solo experiencia micol\u00f3gica (sin alojamiento)<\/u><\/strong><br \/>\n<strong><em>90 \u20ac por persona<\/em><\/strong><\/p>\n<p>Incluye: salida guiada el s\u00e1bado por la tarde + cena men\u00fa degustaci\u00f3n con maridaje + salida domingo por la ma\u00f1ana<\/p>\n<p>&nbsp;<\/p>\n<p><strong>2.\u00a0<u>Experiencia micol\u00f3gica + alojamiento en habitaci\u00f3n doble<\/u><\/strong><br \/>\n<strong><em>P<\/em><em>recio para 2 personas: 260\u20ac (130\u20ac por persona)<\/em><\/strong><\/p>\n<p>Incluye: todo lo anterior + *noche en habitaci\u00f3n doble con desayuno (1 o 2 camas, seg\u00fan disponibilidad)<br \/>\n*aplicamos un descuento especial en el alojamiento por participar en la experiencia micol\u00f3gica.<\/p>\n<p><em>Una opci\u00f3n ideal para quienes quieran vivir un fin de semana completo en el ambiente tranquilo y acogedor que ofrece la casa.<\/em><\/p>\n<p>&nbsp;<\/p>\n<h2><strong>\u00a1Reserva tu plaza!<\/strong><\/h2>\n<p>Las plazas para este evento son limitadas, as\u00ed que si te entusiasma la idea de unirte a nosotros, no dudes en escribirnos para reservar tu lugar:<br \/>\n<strong><br \/>\nW<\/strong><strong>hatsApp:\u00a0<a href=\"tel:617749636\">617749636<\/a><\/strong><\/p>\n<p><strong>Mail:\u00a0<\/strong><strong><a href=\"mailto:Mail:%C2%A0info@arrueiro.com\">info@arrueiro.com<\/a><\/strong><\/p>","protected":false},"excerpt":{"rendered":"<p>Un fin de semana entre bosque, aprendizaje\u00a0y sabores de oto\u00f1o. &nbsp; \u00bfDe qu\u00e9 va? Ser\u00e1 una experiencia micol\u00f3gica repartida en 2 d\u00edas\u00a0\u2014el s\u00e1bado 15 y domingo 16 de noviembre\u2014. De [&hellip;]<\/p>\n","protected":false},"author":2,"featured_media":0,"template":"","meta":{"_tribe_events_status":"","_tribe_events_status_reason":"","footnotes":""},"tags":[],"tribe_events_cat":[],"class_list":["post-2252","tribe_events","type-tribe_events","status-publish","hentry"],"_links":{"self":[{"href":"https:\/\/arrueiro.com\/en\/wp-json\/wp\/v2\/tribe_events\/2252","targetHints":{"allow":["GET"]}}],"collection":[{"href":"https:\/\/arrueiro.com\/en\/wp-json\/wp\/v2\/tribe_events"}],"about":[{"href":"https:\/\/arrueiro.com\/en\/wp-json\/wp\/v2\/types\/tribe_events"}],"author":[{"embeddable":true,"href":"https:\/\/arrueiro.com\/en\/wp-json\/wp\/v2\/users\/2"}],"version-history":[{"count":9,"href":"https:\/\/arrueiro.com\/en\/wp-json\/wp\/v2\/tribe_events\/2252\/revisions"}],"predecessor-version":[{"id":2270,"href":"https:\/\/arrueiro.com\/en\/wp-json\/wp\/v2\/tribe_events\/2252\/revisions\/2270"}],"wp:attachment":[{"href":"https:\/\/arrueiro.com\/en\/wp-json\/wp\/v2\/media?parent=2252"}],"wp:term":[{"taxonomy":"post_tag","embeddable":true,"href":"https:\/\/arrueiro.com\/en\/wp-json\/wp\/v2\/tags?post=2252"},{"taxonomy":"tribe_events_cat","embeddable":true,"href":"https:\/\/arrueiro.com\/en\/wp-json\/wp\/v2\/tribe_events_cat?post=2252"}],"curies":[{"name":"wp","href":"https:\/\/api.w.org\/{rel}","templated":true}]}}